{"version":"1.0","provider_name":"","provider_url":"http:\/\/gbp.podedworze.pl","author_name":"Agnieszka Juchno","author_url":"http:\/\/gbp.podedworze.pl\/index.php\/author\/agnieszka\/","title":"Ca\u0142a Polska Czyta Dzieciom z okazji Dnia Dziecka","type":"rich","width":600,"height":338,"html":"<blockquote class=\"wp-embedded-content\" data-secret=\"iYBqKbYvog\"><a href=\"http:\/\/gbp.podedworze.pl\/index.php\/2021\/06\/01\/dzien-dziecka-cala-polska-czyta-dzieciom\/\">Ca\u0142a Polska Czyta Dzieciom z okazji Dnia Dziecka<\/a><\/blockquote><iframe sandbox=\"allow-scripts\" security=\"restricted\" src=\"http:\/\/gbp.podedworze.pl\/index.php\/2021\/06\/01\/dzien-dziecka-cala-polska-czyta-dzieciom\/embed\/#?secret=iYBqKbYvog\" width=\"600\" height=\"338\" title=\"&#8222;Ca\u0142a Polska Czyta Dzieciom z okazji Dnia Dziecka&#8221; &#8212; \" data-secret=\"iYBqKbYvog\" frameborder=\"0\" marginwidth=\"0\" marginheight=\"0\" scrolling=\"no\" class=\"wp-embedded-content\"><\/iframe><script>\n\/*! This file is auto-generated *\/\n!function(d,l){\"use strict\";l.querySelector&&d.addEventListener&&\"undefined\"!=typeof URL&&(d.wp=d.wp||{},d.wp.receiveEmbedMessage||(d.wp.receiveEmbedMessage=function(e){var t=e.data;if((t||t.secret||t.message||t.value)&&!\/[^a-zA-Z0-9]\/.test(t.secret)){for(var s,r,n,a=l.querySelectorAll('iframe[data-secret=\"'+t.secret+'\"]'),o=l.querySelectorAll('blockquote[data-secret=\"'+t.secret+'\"]'),c=new RegExp(\"^https?:$\",\"i\"),i=0;i<o.length;i++)o[i].style.display=\"none\";for(i=0;i<a.length;i++)s=a[i],e.source===s.contentWindow&&(s.removeAttribute(\"style\"),\"height\"===t.message?(1e3<(r=parseInt(t.value,10))?r=1e3:~~r<200&&(r=200),s.height=r):\"link\"===t.message&&(r=new URL(s.getAttribute(\"src\")),n=new URL(t.value),c.test(n.protocol))&&n.host===r.host&&l.activeElement===s&&(d.top.location.href=t.value))}},d.addEventListener(\"message\",d.wp.receiveEmbedMessage,!1),l.addEventListener(\"DOMContentLoaded\",function(){for(var e,t,s=l.querySelectorAll(\"iframe.wp-embedded-content\"),r=0;r<s.length;r++)(t=(e=s[r]).getAttribute(\"data-secret\"))||(t=Math.random().toString(36).substring(2,12),e.src+=\"#?secret=\"+t,e.setAttribute(\"data-secret\",t)),e.contentWindow.postMessage({message:\"ready\",secret:t},\"*\")},!1)))}(window,document);\n<\/script>\n","description":"Z okazji XX Og\u00f3lnopolskiego Tygodnia Czytania Dzieciom i Dnia Dziecka zakupili\u015bmy ponad 50 pozycji literatury dzieci\u0119cej. J\u0119zyk jest podstawowym narz\u0119dziem komunikacji z lud\u017ami i zdobywania wiedzy. Zanim dzieci zaczn\u0105 pos\u0142ugiwa\u0107 si\u0119 j\u0119zykiem powinny dobrze os\u0142ucha\u0107 si\u0119 z poprawn\u0105 form\u0105 m\u00f3wion\u0105. Pierwszy okres \u017cycia to najwa\u017cniejszy czas na nauk\u0119 mowy. Dlatego zach\u0119camy wszystkich rodzic\u00f3w do regularnego ... Dowiedz si\u0119 wi\u0119cej","thumbnail_url":"http:\/\/gbp.podedworze.pl\/wp-content\/uploads\/2021\/05\/Pastelowa-Tematyczna-Naturalne-Rosliny-Nastroj-Tablica.jpg","thumbnail_width":2000,"thumbnail_height":1600}